{"id":81,"date":"2018-10-25T16:26:54","date_gmt":"2018-10-25T16:26:54","guid":{"rendered":"http:\/\/polizeichor-detmold.de\/?page_id=81"},"modified":"2023-10-13T09:40:35","modified_gmt":"2023-10-13T09:40:35","slug":"der-ehrenchorleiter","status":"publish","type":"page","link":"https:\/\/polizeichor-detmold.de\/?page_id=81","title":{"rendered":"Ehrenchorleiter des ehemaligen Polizeichores Detmold"},"content":{"rendered":"<p><span style=\"color: #000000;\"><span style=\"font-family: Open Sans, sans-serif;\"><span style=\"font-size: medium;\"><strong><img loading=\"lazy\" decoding=\"async\" class=\"alignleft wp-image-85\" src=\"http:\/\/polizeichor-detmold.de\/wp-content\/uploads\/2018\/10\/Martin_Kruger-neu-220x300.jpg\" alt=\"\" width=\"130\" height=\"177\" srcset=\"https:\/\/polizeichor-detmold.de\/wp-content\/uploads\/2018\/10\/Martin_Kruger-neu-220x300.jpg 220w, https:\/\/polizeichor-detmold.de\/wp-content\/uploads\/2018\/10\/Martin_Kruger-neu.jpg 337w\" sizes=\"auto, (max-width: 130px) 100vw, 130px\" \/>Martin Kr\u00fcger<\/strong> wurde 1946 in Detmold geboren. Er kam schon als Kind mit der Musik in engen Kontakt.<\/span><\/span><\/span><\/p>\n<p><span style=\"color: #000000;\"><span style=\"font-family: Open Sans, sans-serif;\"><span style=\"font-size: medium;\">Als <strong>f\u00fcnfj\u00e4hriger Knabe<\/strong> erlernte er von seinem Vater das <strong>Mandolinen<\/strong> &#8211; und <strong>Gitarrenspielen.<\/strong> Im Alter von acht Jahren spielte er im Mandolinenorchester seines Heimatortes unter der Leitung des Vaters die erste Mandoline.\u00a0<\/span><\/span><\/span><span style=\"color: #000000;\"><span style=\"font-family: Open Sans, sans-serif;\"><span style=\"font-size: medium;\">Fr\u00fch erlernte er auch das <strong>Klavierspielen<\/strong> und erlangte schon in seiner Jugendzeit als <strong>Klavierbegleiter<\/strong> bei Chorkonzerten einen beachtlichen Bekanntheitsgrad.\u00a0<\/span><\/span><\/span><span style=\"color: #000000;\"><span style=\"font-family: Open Sans, sans-serif;\"><span style=\"font-size: medium;\">Er besuchte ein Gymnasium mit musisch betontem Oberstufenzweig. Nach dem Abitur 1966 studierte Martin Kr\u00fcger <strong>P\u00e4dagogik.<\/strong> <strong>Musik<\/strong> war nat\u00fcrlich erstes Wahlfach.\u00a0<\/span><\/span><\/span>Martin Kr\u00fcger war <strong>Rektor<\/strong> an einer Grundschule in der Stadt Detmold, seit 2012 im wohlverdientem Ruhestand.<\/p>\n<p>Seine <strong>Dirigentenlaufbahn<\/strong> begann Martin Kr\u00fcger in oben genanntem Mandolinenorchester, dem er auch heute noch als Orchesterchef angeh\u00f6rt.\u00a0<span style=\"color: #000000;\"><span style=\"font-family: Open Sans, sans-serif;\"><span style=\"font-size: medium;\">Sechs Jahre lang war er <strong>Bundesjugendorchesterleiter<\/strong> im Lippischen\u00a0S\u00e4ngerbund.<\/span><\/span><\/span><\/p>\n<p><span style=\"color: #000000;\"><span style=\"font-family: Open Sans, sans-serif;\"><span style=\"font-size: medium;\">Im Jahre <strong>1982<\/strong> wurde Martin Kr\u00fcger zum <strong>musikalischen Leiter des Polizeichores Detmold e.V.<\/strong> berufen. Neben seinem Dirigat hat er f\u00fcr den Chor viele St\u00fccke arrangiert und einige selbst komponiert.\u00a0<\/span><\/span><\/span><span style=\"color: #000000;\"><span style=\"font-family: Open Sans, sans-serif;\"><span style=\"font-size: medium;\">Seit 1995 ist er Tr\u00e4ger der <strong>Bundesverdienstmedaille<\/strong> des Verdienstordens der Bundesrepublik Deutschland f\u00fcr seine musikalischen ehrenamtlichen T\u00e4tigkeiten.<\/span><\/span><\/span><\/p>\n<p>Am <strong>26.05.2007<\/strong>, nach 25 Jahre Chorleitert\u00e4tigkeit und einem gro\u00dfartigem Abschlusskonzert im Landestheater Detmold, \u00fcbergab er den Taktstock in die H\u00e4nde von Herrn Eckhard Althoff, der seine Nachfolge antrat.<\/p>\n<p><span style=\"color: #000000;\"><span style=\"font-family: Open Sans, sans-serif;\"><span style=\"font-size: medium;\"><em><strong>Laudatio auf 25 Jahre \u201cMartin Kr\u00fcger \u00c4ra\u201d:<br \/>\n<\/strong><\/em><\/span><\/span><\/span><span style=\"color: #000000;\"><span style=\"font-family: Open Sans, sans-serif;\"><span style=\"font-size: medium;\"><em>&#8222;Das Pfingstkonzert 2007 ist ein besonderes, nicht nur weil es im Landestheater stattfindet, sondern weil es das Abschiedskonzert unseres &#8222;Noch&#8220;-Chorleiters Martin Kr\u00fcger ist. Nach 25-j\u00e4hriger Chorleitert\u00e4tigkeit legt er den Taktstock beim Polizeichor Detmold nieder. Kaum jemandem unter den Zuh\u00f6rerinnen und Zuh\u00f6rern d\u00fcrfte Martin Kr\u00fcger und sein gesamtes musikalisches Wirken fremd sein. Anlass genug, Res\u00fcmee zu ziehen.<br \/>\n<\/em><\/span><\/span><\/span><em><span style=\"color: #000000;\"><span style=\"font-family: Open Sans, sans-serif;\"><span style=\"font-size: medium;\">Beginnen wir mit einem Zitat, und zwar mit Martin Kr\u00fcgers Gru\u00dfwort aus der &#8222;Festschrift&#8220; anl\u00e4sslich des Pfingstkonzertes 1982: &#8222;<\/span><\/span><\/span><\/em><span style=\"color: #000000;\"><span style=\"font-family: Open Sans, sans-serif;\"><span style=\"font-size: medium;\"><i>Als neuer Chorleiter des weit \u00fcber die Mauern unserer Stadt hinaus bekannten und beliebten Polizeichores Detmold habe ich eine sehr reizvolle, jedoch nicht ganz leichte Aufgabe \u00fcbernommen. Mein besonderer Dank gilt den bisherigen Chorleitern Erich Mewes und Ludger Mias. Sie spornten den Chor in den vergangenen Jahren zu gro\u00dfen Leistungen an. Ich werde mich stets bem\u00fchen, den eingeschlagenen Weg fortzuf\u00fchren und die Leistungsf\u00e4higkeit des Chores zu erhalten oder gar noch zu steigern.\u00a0Nachdem die H\u00f6hepunkte aus dem Repertoire der letzten Jahre von Ludger Mias auf Schallplatte und Kassette festgehalten wurden, f\u00e4llt es mir nun zu, neue Literatur f\u00fcr den Chor auszuw\u00e4hlen und einzustudieren, gleichzeitig jedoch das bisher erarbeitete Liedgut zu erhalten. So werden f\u00fcr Sie, unsere Zuh\u00f6rer, beim Pfingstkonzert neben altbekannten Liedern auch neue erklingen. Ich w\u00fcnsche Ihnen viel Freude beim diesj\u00e4hrigen Pfingstkonzert der Polizei.\u201c<br \/>\n<\/i><\/span><\/span><\/span><em><span style=\"color: #000000;\"><span style=\"font-family: Open Sans, sans-serif;\"><span style=\"font-size: medium;\">Reizvoll war die Aufgabe zum einen vom musikalischen Standpunkt, denn der Chor hatte durch die Vorg\u00e4nger bereits ein beachtliches Niveau erreicht. Zum anderen reizten bestimmt auch die Konzertreisen. Die Kontakte zu deutschen und auch manchen ausl\u00e4ndischen Polizeich\u00f6ren f\u00fchrten zu gegenseitigen Konzertbesuchen. Auf diese Weise \u2014 aber auch durch eigene Organisation \u2014 kamen viele interessante Reisen und sch\u00f6ne Konzerte zustande.<br \/>\n<\/span><\/span><\/span><span style=\"color: #000000;\"><span style=\"font-family: Open Sans, sans-serif;\"><span style=\"font-size: medium;\">Eine nicht ganz leichte Aufgabe, wie Martin Kr\u00fcger es nannte, wurde es auch. Schlie\u00dflich ist es nicht einfach, Laiens\u00e4ngern einen einigerma\u00dfen qualitativen Chorgesang zu vermitteln. So manche \u00dcbungsstunde musste verl\u00e4ngert bzw. zus\u00e4tzliche Stunden eingeschoben werden. Dann die Termine \u2014 Beruf, Familie und Vereine wollten in Einklang gebracht werde. Allein das war schon eine Herausforderung. So manches Mal wurde die Belastungsgrenze erreicht es musste auch mal \u201enein\u201c gesagt werden.<br \/>\n<\/span><\/span><\/span><span style=\"color: #000000;\"><span style=\"font-family: Open Sans, sans-serif;\"><span style=\"font-size: medium;\">Und doch kam es vor, dass sein K\u00f6rper einmal streikte. Wenige Wochen vor einer geplanten Konzertreise nach Dresden zum Weihnachtskonzert des dortigen Polizeichors musste Martin Kr\u00fcger ins Krankenhaus. Der Schock war denkbar gro\u00df. Gl\u00fccklicherweise fanden wir einen vollwertigen Ersatz und auch Martin Kr\u00fcger war zum Zeitpunkt der Reise soweit genesen, dass er an der Reise teilnehmen konnte. Es wurde f\u00fcr ihn zu einem besonderen Ereignis, \u201eseinen\u201c Chor w\u00e4hrend eines ganzen Konzertes als Zuh\u00f6rer zu erleben.<br \/>\n<\/span><\/span><\/span><span style=\"color: #000000;\"><span style=\"font-family: Open Sans, sans-serif;\"><span style=\"font-size: medium;\">Unvergessen ist auch die Chorreise nach Bayerisch &#8211; Eisenstein, wurde sie doch f\u00fcr Martin Kr\u00fcger und seine Familie \u00fcberschattet vom Tod seines Vaters. \u00dcberraschend f\u00fcr uns, reiste er trotzdem mit dem Chor an, absolvierte das vorgesehene Konzert in Zwiesel. um dann per Lufttaxi wieder nach Detmold zu fliegen. Diese Engagement f\u00fcr den Chor bei erheblicher seelischer Belastung ist mit Worten nicht zu beschreiben.<br \/>\n<\/span><\/span><\/span><span style=\"color: #000000;\"><span style=\"font-family: Open Sans, sans-serif;\"><span style=\"font-size: medium;\">Fazit nach 25 Jahren: Martin Kr\u00fcger hat nicht nur Wort gehalten, sondern auch die Erwartungen, die in ihn gesetzt wurden, voll und ganz erf\u00fcllt.\u00a0<\/span><\/span><\/span><span style=\"color: #000000;\"><span style=\"font-family: Open Sans, sans-serif;\"><span style=\"font-size: medium;\">Er hat den von seinen Vorg\u00e4ngern eingeschlagenen Weg fortgef\u00fchrt und sich mit allen Kr\u00e4ften bem\u00fcht, die Leistungsf\u00e4higkeit des Chores zu erhalten bzw. noch zu steigern. Das Liedgut wurde erheblich erweitert, darunter auch Martin Kr\u00fcgers Eigenkompositionen und Bearbeitungen. Unter seiner Leitung wurden in den vergangenen Jahren 4 Tontr\u00e4ger produziert, eine Langspielplatte und 3 CDs. Seine Liedauswahl traf immer wieder den Geschmack unseres Publikums. Unsere zahlreichen Konzerte mit guten Besucherzahlen waren und sind immer noch ein Beweis daf\u00fcr.<br \/>\n<\/span><\/span><\/span><span style=\"color: #000000;\"><span style=\"font-family: Open Sans, sans-serif;\"><span style=\"font-size: medium;\">Einige Monate vor Beendigung seiner Chorleitert\u00e4tigkeit haben sich Martin Kr\u00fcger und der Polizeichor Detmold einen lang gehegten Wunsch erf\u00fcllt, und zwar einmal ein Konzert in der Lipperlandhalle vor \u2014 f\u00fcr unsere l\u00e4ndliche Region \u2014 \u201egro\u00dfem\u201c Publikum. Dieser Wunsch ging im September 2006 vor \u00fcber 1100 Zuh\u00f6rerinnen und Zuh\u00f6rern in Erf\u00fcllung. Dieses Konzert, zusammen mit Peter Orloff und den Schwarzmeerkosaken, war ein herausragendes Erlebnis in unserer gemeinsamen Chorgeschichte.<br \/>\n<\/span><\/span><\/span><span style=\"color: #000000;\"><span style=\"font-family: Open Sans, sans-serif;\"><span style=\"font-size: medium;\">Der Polizeichor Detmold verliert mit Martin Kr\u00fcger einen hervorragenden Musiker und Chorleiter. Verst\u00e4ndlich, dass uns sein Ausscheiden nicht gerade begeistert, wir respektieren aber seine Entscheidung. Gemeinsam bleiben uns viele sch\u00f6ne Erinnerungen, die immer wieder Gespr\u00e4chsstoff liefern werden.<br \/>\n<\/span><\/span><\/span><span style=\"color: #000000;\"><span style=\"font-family: Open Sans, sans-serif;\"><span style=\"font-size: medium;\">F\u00fcr sein Abschiedskonzert hat Martin Kr\u00fcger einen Querschnitt fast unseres gesamten Repertoires zusammengestellt. Daf\u00fcr w\u00fcnschen wir Ihnen gute Unterhaltung und viel Freude.<br \/>\n<\/span><\/span><\/span><\/em><em><span style=\"color: #000000;\"><span style=\"font-family: Open Sans, sans-serif;\"><span style=\"font-size: medium;\">Viel Freude hoffentlich auch auf ein Wiedersehen und -h\u00f6ren mit dem Polizeichor unter neuer Stabf\u00fchrung.<br \/>\n<\/span><\/span><\/span><\/em><em><span style=\"color: #000000;\"><span style=\"font-family: Open Sans, sans-serif;\"><span style=\"font-size: medium;\">Im Namen und im Auftrag der in den 25 Jahren amtierenden Vorst\u00e4nde, vertreten durch Hans J\u00fcrgens, Horst Wi\u00dfmann, Rudolf Pernt und Bernd Jung, bedanken wir uns, nat\u00fcrlich auch im Namen der S\u00e4nger, recht herzlich bei Martin Kr\u00fcger f\u00fcr die geleistete Arbeit und Einsatzbereitschaft zum Wohle des Chores, f\u00fcr Verst\u00e4ndnis und kameradschaftlichen Umgang uns Laien &#8211; S\u00e4ngern gegen\u00fcber. Selbstverst\u00e4ndlich schlie\u00dfen wir auch seine Familie in unseren Dank mit ein.<br \/>\nIm Sinne des Liedtitels \u201eFreunde f\u00fcr\u2018s Leben\u201c verabschieden wir uns voller Dank und Anerkennung von unserem Chorleiter Martin Kr\u00fcger, um ihn als aktiven S\u00e4nger aber in unseren Reihen herzlich willkommen hei\u00dfen zu d\u00fcrfen.&#8220;<\/span><\/span><\/span><\/em><\/p>\n<p><span style=\"color: #000000;\"><span style=\"font-family: Open Sans, sans-serif;\"><span style=\"font-size: medium;\">Vom 1. Januar 2009 bis 31. Juli 2015 war Martin Kr\u00fcger, zu unserer Freude, wieder Chorleiter des PC Detmold.\u00a0Er musste nach seiner schweren Erkrankung das Amt als Chorleiter abgeben.\u00a0<\/span><\/span><\/span><span style=\"color: #000000;\"><span style=\"font-family: Open Sans, sans-serif;\"><span style=\"font-size: medium;\">Unser Ehrenchorleiter erlag am 17. Juni 2016 seiner schweren Erkrankung.<\/span><\/span><\/span><\/p>\n","protected":false},"excerpt":{"rendered":"<p>Martin Kr\u00fcger wurde 1946 in Detmold geboren. Er kam schon als Kind mit der Musik in engen Kontakt. Als f\u00fcnfj\u00e4hriger Knabe erlernte er von seinem Vater das Mandolinen &#8211; und Gitarrenspielen. Im Alter von acht Jahren spielte er im Mandolinenorchester seines Heimatortes unter der Leitung des Vaters die erste Mandoline.\u00a0Fr\u00fch erlernte er auch das Klavierspielen &hellip; <\/p>\n<p class=\"link-more\"><a href=\"https:\/\/polizeichor-detmold.de\/?page_id=81\" class=\"more-link\"><span class=\"screen-reader-text\">\u201eEhrenchorleiter des ehemaligen Polizeichores Detmold\u201c <\/span>weiterlesen<\/a><\/p>\n","protected":false},"author":2,"featured_media":0,"parent":36,"menu_order":3,"comment_status":"closed","ping_status":"closed","template":"","meta":{"footnotes":""},"class_list":["post-81","page","type-page","status-publish","hentry"],"_links":{"self":[{"href":"https:\/\/polizeichor-detmold.de\/index.php?rest_route=\/wp\/v2\/pages\/81","targetHints":{"allow":["GET"]}}],"collection":[{"href":"https:\/\/polizeichor-detmold.de\/index.php?rest_route=\/wp\/v2\/pages"}],"about":[{"href":"https:\/\/polizeichor-detmold.de\/index.php?rest_route=\/wp\/v2\/types\/page"}],"author":[{"embeddable":true,"href":"https:\/\/polizeichor-detmold.de\/index.php?rest_route=\/wp\/v2\/users\/2"}],"replies":[{"embeddable":true,"href":"https:\/\/polizeichor-detmold.de\/index.php?rest_route=%2Fwp%2Fv2%2Fcomments&post=81"}],"version-history":[{"count":7,"href":"https:\/\/polizeichor-detmold.de\/index.php?rest_route=\/wp\/v2\/pages\/81\/revisions"}],"predecessor-version":[{"id":641,"href":"https:\/\/polizeichor-detmold.de\/index.php?rest_route=\/wp\/v2\/pages\/81\/revisions\/641"}],"up":[{"embeddable":true,"href":"https:\/\/polizeichor-detmold.de\/index.php?rest_route=\/wp\/v2\/pages\/36"}],"wp:attachment":[{"href":"https:\/\/polizeichor-detmold.de\/index.php?rest_route=%2Fwp%2Fv2%2Fmedia&parent=81"}],"curies":[{"name":"wp","href":"https:\/\/api.w.org\/{rel}","templated":true}]}}