{"id":36,"date":"2018-10-25T15:12:28","date_gmt":"2018-10-25T15:12:28","guid":{"rendered":"http:\/\/polizeichor-detmold.de\/?page_id=36"},"modified":"2023-10-13T09:47:21","modified_gmt":"2023-10-13T09:47:21","slug":"wir-ueber-uns","status":"publish","type":"page","link":"https:\/\/polizeichor-detmold.de\/?page_id=36","title":{"rendered":"Das war der Chor"},"content":{"rendered":"<p><span style=\"color: #000000;\"><span style=\"font-family: Open Sans, sans-serif;\"><span style=\"font-size: medium;\"><b><img loading=\"lazy\" decoding=\"async\" class=\"size-full wp-image-40 alignleft\" src=\"http:\/\/polizeichor-detmold.de\/wp-content\/uploads\/2018\/10\/Brustanhangeremblem_2.jpg\" alt=\"\" width=\"122\" height=\"143\" \/>Der Polizeichor Detmold e. V. &#8211;\u00a0<\/b><\/span><\/span><\/span><span style=\"color: #000000;\"> &#8211; ERINNERUNGEN &#8211;<span style=\"font-family: Open Sans, sans-serif;\"><span style=\"font-size: medium;\"><b>:<\/b> <\/span><\/span><\/span><\/p>\n<p><span style=\"color: #000000;\"><span style=\"font-family: Open Sans, sans-serif;\"><span style=\"font-size: medium;\">Schon im alten Griechenland, der Wiege unserer abendl\u00e4ndischen Kultur, war der Chorgesang ein fester Bestandteil im kulturellen Leben der Stadtstaaten. Ob die<strong> 24 Detmolder Polizeibeamten<\/strong> im Jahre <strong>1952<\/strong> daran gedacht haben, als sie den Polizeichor Detmold ins Leben riefen, ist nicht sicher. Ganz sicher aber ist, dass sie mit Gesang in kollegialer Gemeinschaft Freude erleben und Freude geben wollten. In der\u00a0von Otto Groll arrangierten und getexteten slowenischen Volksweise \u201e<em>Freude am Leben<\/em>\u201c hei\u00dft es: &#8222;<em>Freude am Leben hei\u00dft Freude sich geben; wer Freude verschenkt ist in Wirklichkeit reich.<\/em>&#8220; Wer wollte bezweifeln, dass Musik und Gesang als menschliche Ausdrucksformen hervorragend geeignet sind, genau dies zu erreichen.<\/span><\/span><\/span><\/p>\n<p><span style=\"color: #000000;\"><span style=\"font-family: Open Sans, sans-serif;\"><span style=\"font-size: medium;\">Der am <strong>30.01.1952<\/strong> zun\u00e4chst als <strong>berufsst\u00e4ndisch gegr\u00fcndete Cho<\/strong>r hat sich im Laufe seines mehr als 60-j\u00e4hrigen Bestehens zu einem Klangk\u00f6rper entwickelt, in dem sich die Vielfalt unserer Berufswelt wieder spiegelt. <em><strong>Heute kann jeder mitmachen, dem Singen in der Gemeinschaft Freude bereitet oder ein Begleitinstrument zu spielen vermag.<\/strong><\/em> Allerdings wird von unseren aktiven Chormitgliedern auch die Bereitschaft erwartet, einmal pro Woche eine zweist\u00fcndige Probe zu absolvieren, einmal im Jahr an einem Wochenende an einem Stimmbildungsseminar teil zu nehmen und an Auftritten in der \u00d6ffentlichkeit oder im privaten Bereich mit zu wirken.<\/span><\/span><\/span><\/p>\n<p><span style=\"color: #000000;\"><span style=\"font-family: Open Sans, sans-serif;\"><span style=\"font-size: medium;\"><img loading=\"lazy\" decoding=\"async\" class=\"size-full wp-image-37 alignleft\" src=\"http:\/\/polizeichor-detmold.de\/wp-content\/uploads\/2018\/10\/Rose-Original_01.jpg\" alt=\"\" width=\"108\" height=\"103\" \/>Die Teilnahme an diesen Aktivit\u00e4ten gelten als <strong>Ehrensache<\/strong> und da m\u00fcssen schon mal andere private Interessen zur\u00fcck stehen, denn der Chor ist mit seinem <strong>Schirmherrn, dem\u00a0 Landrat,<\/strong> zu einem positiven Imagetr\u00e4ger der lippischen Polizei geworden und hat sich im regionalen Kulturleben einen Namen gemacht, der f\u00fcr musikalische Qualit\u00e4t steht und die ist nur durch \u00dcbung und Erfahrung zu erreichen.<\/span><\/span><\/span><\/p>\n<p><span style=\"color: #000000;\"><span style=\"font-family: Open Sans, sans-serif;\"><span style=\"font-size: medium;\">Unter der mehr als 3<strong>0-j\u00e4hrigen musikalischen Leitung von Martin Kr\u00fcger<\/strong> verf\u00fcgt der Chor \u00fcber eine Bandbreite, die praktisch alle musikalischen Genres umfasst. Dazu geh\u00f6ren Lieder aus <strong>Oper<\/strong>, <strong>Operette<\/strong> oder <strong>Musical<\/strong> genauso wie moderne <strong>Schlager<\/strong>, <strong>Spirituals<\/strong>, <strong>Gospel<\/strong>, <strong>Volkslieder<\/strong>, <strong>geistliche St\u00fccke<\/strong> oder <strong>weihnachtliche Chorliteratur,<\/strong> wobei nicht nur Chorstimmen sondern auch Solostimmen gef\u00f6rdert und zur Geltung gebracht werden. Da viele St\u00fccke auch instrumental begleitet werden, sind stets auch <strong>Instrumentalisten<\/strong> insbesondere solche mit <strong>Rhythmusinstrumenten<\/strong> willkommen.<\/span><\/span><\/span><\/p>\n<p><span style=\"color: #000000;\"><span style=\"font-family: Open Sans, sans-serif;\"><span style=\"font-size: medium;\">Zu den wiederkehrenden chorischen <strong>Jahresaktivit\u00e4ten<\/strong> geh\u00f6ren das traditionelle <strong>Pfingstkonzert in Detmold<\/strong>, ein Herbstkonzert in Bad Meinberg und alle zwei Jahre ein <strong>Weihnachtskonzert in der Detmolder Heilig-Kreuzkirche<\/strong>.<\/span><\/span><\/span><\/p>\n<p><span style=\"color: #000000;\"><span style=\"font-family: Open Sans, sans-serif;\"><span style=\"font-size: medium;\">An diesen Konzerten wirken stets auch <strong>Gastch\u00f6re, Orchester<\/strong> oder <strong>K\u00fcnstler<\/strong> anderer Metiers mit. Durch diese kontinuierliche Zusammenarbeit mit Gastch\u00f6ren, die auf dem Prinzip der Gegenseitigkeit basiert, ergeben sich automatisch Gegeneinladungen zu ausw\u00e4rtigen Events. So hat der Chor schon an Veranstaltungen in zahlreichen deutschen St\u00e4dten teilgenommen und <strong>Chorreisen<\/strong> nach <strong>Holland, Belgien, Italien, \u00d6sterreich, Polen, Mallorca<\/strong> und <strong>Gro\u00dfbritannien<\/strong> ja sogar bis nach <strong>Sri Lanka<\/strong> und <strong>Thailand<\/strong> unternommen.<\/span><\/span><\/span><\/p>\n<p><span style=\"color: #000000;\"><span style=\"font-family: Open Sans, sans-serif;\"><span style=\"font-size: medium;\">Zu den H\u00f6hepunkten \u00f6ffentlicher Auftritte z\u00e4hlen ohne Zweifel auch die Mitwirkung bei der <strong>ZDF-Fernsehserie<\/strong> \u201e<em><strong>Sonntagskonzert unterwegs<\/strong><\/em>\u201c und der \u201e<em><strong>Sonntagsmatinee<\/strong><\/em>\u201c des <strong>WDR.<\/strong><\/span><\/span><\/span><\/p>\n<p><span style=\"color: #000000;\"><span style=\"font-family: Open Sans, sans-serif;\"><span style=\"font-size: medium;\">Im Laufe der Zeit wurde die Chormusik auch auf insgesamt 6 Tontr\u00e4gern, davon <strong>3 CDs<\/strong>, verewigt.<\/span><\/span><\/span><\/p>\n<p><span style=\"color: #000000;\"><span style=\"font-family: Open Sans, sans-serif;\"><span style=\"font-size: medium;\">\u00a0<\/span><\/span><\/span><\/p>\n","protected":false},"excerpt":{"rendered":"<p>Der Polizeichor Detmold e. V. &#8211;\u00a0 &#8211; ERINNERUNGEN &#8211;: Schon im alten Griechenland, der Wiege unserer abendl\u00e4ndischen Kultur, war der Chorgesang ein fester Bestandteil im kulturellen Leben der Stadtstaaten. Ob die 24 Detmolder Polizeibeamten im Jahre 1952 daran gedacht haben, als sie den Polizeichor Detmold ins Leben riefen, ist nicht sicher. Ganz sicher aber ist, &hellip; <\/p>\n<p class=\"link-more\"><a href=\"https:\/\/polizeichor-detmold.de\/?page_id=36\" class=\"more-link\"><span class=\"screen-reader-text\">\u201eDas war der Chor\u201c <\/span>weiterlesen<\/a><\/p>\n","protected":false},"author":2,"featured_media":0,"parent":0,"menu_order":0,"comment_status":"closed","ping_status":"closed","template":"","meta":{"footnotes":""},"class_list":["post-36","page","type-page","status-publish","hentry"],"_links":{"self":[{"href":"https:\/\/polizeichor-detmold.de\/index.php?rest_route=\/wp\/v2\/pages\/36","targetHints":{"allow":["GET"]}}],"collection":[{"href":"https:\/\/polizeichor-detmold.de\/index.php?rest_route=\/wp\/v2\/pages"}],"about":[{"href":"https:\/\/polizeichor-detmold.de\/index.php?rest_route=\/wp\/v2\/types\/page"}],"author":[{"embeddable":true,"href":"https:\/\/polizeichor-detmold.de\/index.php?rest_route=\/wp\/v2\/users\/2"}],"replies":[{"embeddable":true,"href":"https:\/\/polizeichor-detmold.de\/index.php?rest_route=%2Fwp%2Fv2%2Fcomments&post=36"}],"version-history":[{"count":5,"href":"https:\/\/polizeichor-detmold.de\/index.php?rest_route=\/wp\/v2\/pages\/36\/revisions"}],"predecessor-version":[{"id":643,"href":"https:\/\/polizeichor-detmold.de\/index.php?rest_route=\/wp\/v2\/pages\/36\/revisions\/643"}],"wp:attachment":[{"href":"https:\/\/polizeichor-detmold.de\/index.php?rest_route=%2Fwp%2Fv2%2Fmedia&parent=36"}],"curies":[{"name":"wp","href":"https:\/\/api.w.org\/{rel}","templated":true}]}}