{"id":145,"date":"2018-10-26T06:25:47","date_gmt":"2018-10-26T06:25:47","guid":{"rendered":"http:\/\/neu.polizeichor-detmold.de\/?page_id=145"},"modified":"2023-10-13T09:43:25","modified_gmt":"2023-10-13T09:43:25","slug":"presseberichte-bilder","status":"publish","type":"page","link":"https:\/\/polizeichor-detmold.de\/?page_id=145","title":{"rendered":"Alte Presseberichte und mehr"},"content":{"rendered":"<p><a name=\"anfang\"><\/a><\/p>\n<p>&nbsp;<\/p>\n<p><a href=\"#18\">2018\u00a0 \u00a0 |\u00a0\u00a0\u00a0\u00a0\u00a0<\/a><a href=\"#17\">2017\u00a0 \u00a0 |\u00a0\u00a0\u00a0\u00a0<\/a><a href=\"#16\">2016\u00a0 \u00a0 |\u00a0\u00a0\u00a0\u00a0<\/a><a href=\"#15\">2015\u00a0 \u00a0 |\u00a0\u00a0\u00a0\u00a0<\/a><a href=\"#14\">2014\u00a0 \u00a0 |\u00a0\u00a0\u00a0\u00a0<\/a><a href=\"#13\">2013<\/a><\/p>\n<p><a name=\"18\"><\/a><strong>2018<\/strong><\/p>\n<p><b>Pfingstkonzert am 12. Mai 2018<br \/>\n<\/b>Die Lippische Landeszeitung berichtet am 15. 05. 2018<b><br \/>\n<\/b><\/p>\n<p><img loading=\"lazy\" decoding=\"async\" class=\"aligncenter size-full wp-image-260\" src=\"http:\/\/polizeichor-detmold.de\/wp-content\/uploads\/2018\/10\/2018_Pfingstkonzert_2018-neu.jpg\" alt=\"\" width=\"796\" height=\"749\" srcset=\"https:\/\/polizeichor-detmold.de\/wp-content\/uploads\/2018\/10\/2018_Pfingstkonzert_2018-neu.jpg 796w, https:\/\/polizeichor-detmold.de\/wp-content\/uploads\/2018\/10\/2018_Pfingstkonzert_2018-neu-300x282.jpg 300w, https:\/\/polizeichor-detmold.de\/wp-content\/uploads\/2018\/10\/2018_Pfingstkonzert_2018-neu-768x723.jpg 768w\" sizes=\"auto, (max-width: 767px) 89vw, (max-width: 1000px) 54vw, (max-width: 1071px) 543px, 580px\" \/><\/p>\n<p><strong>\u00a0<\/strong><\/p>\n<p><strong>Konzert mit dem Polizeichor Detmold am 4. M\u00e4rz in der Kirche Almena<\/strong><\/p>\n<p><img loading=\"lazy\" decoding=\"async\" class=\"wp-image-272 size-full aligncenter\" style=\"font-size: 1rem;\" src=\"http:\/\/polizeichor-detmold.de\/wp-content\/uploads\/2018\/10\/csm_Konzert-Plakat2018-1_a28562f0c4.jpg\" alt=\"\" width=\"270\" height=\"382\" srcset=\"https:\/\/polizeichor-detmold.de\/wp-content\/uploads\/2018\/10\/csm_Konzert-Plakat2018-1_a28562f0c4.jpg 270w, https:\/\/polizeichor-detmold.de\/wp-content\/uploads\/2018\/10\/csm_Konzert-Plakat2018-1_a28562f0c4-212x300.jpg 212w\" sizes=\"auto, (max-width: 270px) 100vw, 270px\" \/><\/p>\n<p><iframe loading=\"lazy\" style=\"border: none; overflow: hidden;\" src=\"https:\/\/www.facebook.com\/plugins\/video.php?href=https%3A%2F%2Fwww.facebook.com%2FHeiKuAlmena%2Fvideos%2F951204195047149%2F&amp;show_text=0&amp;width=560\" width=\"560\" height=\"372\" frameborder=\"0\" scrolling=\"no\" allowfullscreen=\"allowfullscreen\"><\/iframe><\/p>\n<p><b>Jahreshauptversammlung\u00a0 am\u00a0 5. Februar\u00a02018<br \/>\n<\/b><em>Die Lippische Landeszeitung berichtete am 13. 02. 2018<\/em><b><br \/>\n<\/b><\/p>\n<p><img loading=\"lazy\" decoding=\"async\" class=\"aligncenter size-full wp-image-259\" src=\"http:\/\/polizeichor-detmold.de\/wp-content\/uploads\/2018\/10\/2018_LZ_Bericht_JHV-neu.jpg\" alt=\"\" width=\"711\" height=\"608\" srcset=\"https:\/\/polizeichor-detmold.de\/wp-content\/uploads\/2018\/10\/2018_LZ_Bericht_JHV-neu.jpg 711w, https:\/\/polizeichor-detmold.de\/wp-content\/uploads\/2018\/10\/2018_LZ_Bericht_JHV-neu-300x257.jpg 300w\" sizes=\"auto, (max-width: 711px) 100vw, 711px\" \/><\/p>\n<p>&nbsp;<\/p>\n<p>&nbsp;<\/p>\n<p>&nbsp;<\/p>\n<p><strong>Trauer um Rolf Kracht<\/strong><br \/>\n<em>Die Lippische Landeszeitung berichtet am 01.01.2018<\/em><\/p>\n<p><img loading=\"lazy\" decoding=\"async\" class=\"aligncenter size-full wp-image-257\" src=\"http:\/\/polizeichor-detmold.de\/wp-content\/uploads\/2018\/10\/2018_Nachruf_Rolf_Kracht2.jpg\" alt=\"\" width=\"449\" height=\"823\" srcset=\"https:\/\/polizeichor-detmold.de\/wp-content\/uploads\/2018\/10\/2018_Nachruf_Rolf_Kracht2.jpg 449w, https:\/\/polizeichor-detmold.de\/wp-content\/uploads\/2018\/10\/2018_Nachruf_Rolf_Kracht2-164x300.jpg 164w\" sizes=\"auto, (max-width: 449px) 100vw, 449px\" \/><\/p>\n<p style=\"text-align: center;\"><strong><a href=\"#anfang\">nach oben<\/a><\/strong><\/p>\n<p style=\"text-align: left;\"><a name=\"17\"><\/a><strong>2017<\/strong><\/p>\n<p>&nbsp;<\/p>\n<p><b>Weihnachtskonzert am 03. Dezember 2017<br \/>\n<\/b><em>Die Lippische Landeszeitung berichtet am 05. 12. 2017<\/em><\/p>\n<p><img loading=\"lazy\" decoding=\"async\" class=\"aligncenter size-full wp-image-256\" src=\"http:\/\/polizeichor-detmold.de\/wp-content\/uploads\/2018\/10\/2017_Weihnachtskonzert_2017-neu.jpg\" alt=\"\" width=\"1661\" height=\"2349\" srcset=\"https:\/\/polizeichor-detmold.de\/wp-content\/uploads\/2018\/10\/2017_Weihnachtskonzert_2017-neu.jpg 1661w, https:\/\/polizeichor-detmold.de\/wp-content\/uploads\/2018\/10\/2017_Weihnachtskonzert_2017-neu-212x300.jpg 212w, https:\/\/polizeichor-detmold.de\/wp-content\/uploads\/2018\/10\/2017_Weihnachtskonzert_2017-neu-768x1086.jpg 768w, https:\/\/polizeichor-detmold.de\/wp-content\/uploads\/2018\/10\/2017_Weihnachtskonzert_2017-neu-724x1024.jpg 724w\" sizes=\"auto, (max-width: 767px) 89vw, (max-width: 1000px) 54vw, (max-width: 1071px) 543px, 580px\" \/><\/p>\n<p><b>Pfingstkonzert am 03. Juni 2017<br \/>\n<\/b><em>Die Lippische Landeszeitung berichtet am 06. 06. 2017<\/em><b><br \/>\n<\/b><\/p>\n<p><img loading=\"lazy\" decoding=\"async\" class=\"aligncenter size-full wp-image-255\" src=\"http:\/\/polizeichor-detmold.de\/wp-content\/uploads\/2018\/10\/2017_Pfingstkonzert.jpg\" alt=\"\" width=\"1645\" height=\"2398\" srcset=\"https:\/\/polizeichor-detmold.de\/wp-content\/uploads\/2018\/10\/2017_Pfingstkonzert.jpg 1645w, https:\/\/polizeichor-detmold.de\/wp-content\/uploads\/2018\/10\/2017_Pfingstkonzert-206x300.jpg 206w, https:\/\/polizeichor-detmold.de\/wp-content\/uploads\/2018\/10\/2017_Pfingstkonzert-768x1120.jpg 768w, https:\/\/polizeichor-detmold.de\/wp-content\/uploads\/2018\/10\/2017_Pfingstkonzert-702x1024.jpg 702w\" sizes=\"auto, (max-width: 767px) 89vw, (max-width: 1000px) 54vw, (max-width: 1071px) 543px, 580px\" \/><\/p>\n<p><b>Konzert beim TuS Bega am 05. M\u00e4rz 2017<br \/>\n<\/b><em>Die Lippische Landeszeitung berichtete am 07. M\u00e4rz 2017<\/em><b><br \/>\n<\/b><\/p>\n<p><img loading=\"lazy\" decoding=\"async\" class=\"aligncenter size-full wp-image-254\" src=\"http:\/\/polizeichor-detmold.de\/wp-content\/uploads\/2018\/10\/2017_Konzert_in_Bega1-neu.jpg\" alt=\"\" width=\"477\" height=\"745\" srcset=\"https:\/\/polizeichor-detmold.de\/wp-content\/uploads\/2018\/10\/2017_Konzert_in_Bega1-neu.jpg 477w, https:\/\/polizeichor-detmold.de\/wp-content\/uploads\/2018\/10\/2017_Konzert_in_Bega1-neu-192x300.jpg 192w\" sizes=\"auto, (max-width: 477px) 100vw, 477px\" \/><\/p>\n<p>&nbsp;<\/p>\n<p style=\"text-align: left;\"><strong><span style=\"font-size: 1rem;\">Jahreshauptversammlung des PC Detmold\u00a0<\/span><\/strong><span style=\"font-size: 1rem;\"><strong>am\u00a06. Februar 2017<\/strong><br \/>\n<\/span><em>Die Lippische Landeszeitung berichtete am 9. 2. 2017<\/em><\/p>\n<p><img loading=\"lazy\" decoding=\"async\" class=\"aligncenter wp-image-250 size-full\" src=\"http:\/\/polizeichor-detmold.de\/wp-content\/uploads\/2018\/10\/2017_JHV_2017_PC_Detmold.jpg\" alt=\"\" width=\"344\" height=\"755\" srcset=\"https:\/\/polizeichor-detmold.de\/wp-content\/uploads\/2018\/10\/2017_JHV_2017_PC_Detmold.jpg 344w, https:\/\/polizeichor-detmold.de\/wp-content\/uploads\/2018\/10\/2017_JHV_2017_PC_Detmold-137x300.jpg 137w\" sizes=\"auto, (max-width: 344px) 100vw, 344px\" \/><\/p>\n<p>&nbsp;<\/p>\n<p style=\"text-align: center;\"><strong><a href=\"#anfang\">nach oben<\/a><\/strong><\/p>\n<p><a name=\"16\"><\/a><strong>2016<\/strong><\/p>\n<p style=\"text-align: left;\"><strong>Weihnachtskonzert in der Klosterkirche Falkenhagen<br \/>\n<\/strong><em>Die Zeitung\u00a0 &#8222;LIPPE aktuell\u201d berichtete am 3. Dezember 2016<\/em><\/p>\n<p><img loading=\"lazy\" decoding=\"async\" class=\"aligncenter size-full wp-image-222\" src=\"http:\/\/polizeichor-detmold.de\/wp-content\/uploads\/2018\/10\/2016_Weihnachtskonzert_in_Falkenhagen_Neu3.jpg\" alt=\"\" width=\"1748\" height=\"2121\" srcset=\"https:\/\/polizeichor-detmold.de\/wp-content\/uploads\/2018\/10\/2016_Weihnachtskonzert_in_Falkenhagen_Neu3.jpg 1748w, https:\/\/polizeichor-detmold.de\/wp-content\/uploads\/2018\/10\/2016_Weihnachtskonzert_in_Falkenhagen_Neu3-247x300.jpg 247w, https:\/\/polizeichor-detmold.de\/wp-content\/uploads\/2018\/10\/2016_Weihnachtskonzert_in_Falkenhagen_Neu3-768x932.jpg 768w, https:\/\/polizeichor-detmold.de\/wp-content\/uploads\/2018\/10\/2016_Weihnachtskonzert_in_Falkenhagen_Neu3-844x1024.jpg 844w\" sizes=\"auto, (max-width: 767px) 89vw, (max-width: 1000px) 54vw, (max-width: 1071px) 543px, 580px\" \/><\/p>\n<p style=\"text-align: left;\"><strong>Pfingstkonzert am 07. Mai 2016<br \/>\n<\/strong><em>Die Lippische Landeszeitung berichtet am 10.05.2016<\/em><\/p>\n<p><img loading=\"lazy\" decoding=\"async\" class=\"size-full wp-image-195 alignnone\" src=\"http:\/\/polizeichor-detmold.de\/wp-content\/uploads\/2018\/10\/2016_Pfingstkonzert_2016-neu.jpg\" alt=\"\" width=\"1729\" height=\"2769\" srcset=\"https:\/\/polizeichor-detmold.de\/wp-content\/uploads\/2018\/10\/2016_Pfingstkonzert_2016-neu.jpg 1729w, https:\/\/polizeichor-detmold.de\/wp-content\/uploads\/2018\/10\/2016_Pfingstkonzert_2016-neu-187x300.jpg 187w, https:\/\/polizeichor-detmold.de\/wp-content\/uploads\/2018\/10\/2016_Pfingstkonzert_2016-neu-768x1230.jpg 768w, https:\/\/polizeichor-detmold.de\/wp-content\/uploads\/2018\/10\/2016_Pfingstkonzert_2016-neu-639x1024.jpg 639w\" sizes=\"auto, (max-width: 767px) 89vw, (max-width: 1000px) 54vw, (max-width: 1071px) 543px, 580px\" \/><\/p>\n<p style=\"text-align: left;\"><b>Jahreshauptversammlung am 08. Februar 2016<br \/>\n<\/b><em>Die Lippische Landeszeitung berichtet am 11.02.2016<\/em><\/p>\n<p><img loading=\"lazy\" decoding=\"async\" class=\"aligncenter size-full wp-image-197\" src=\"http:\/\/polizeichor-detmold.de\/wp-content\/uploads\/2018\/10\/2016_JHV2016-neu.jpg\" alt=\"\" width=\"741\" height=\"1674\" srcset=\"https:\/\/polizeichor-detmold.de\/wp-content\/uploads\/2018\/10\/2016_JHV2016-neu.jpg 741w, https:\/\/polizeichor-detmold.de\/wp-content\/uploads\/2018\/10\/2016_JHV2016-neu-133x300.jpg 133w, https:\/\/polizeichor-detmold.de\/wp-content\/uploads\/2018\/10\/2016_JHV2016-neu-453x1024.jpg 453w\" sizes=\"auto, (max-width: 706px) 89vw, (max-width: 767px) 82vw, 740px\" \/><\/p>\n<p style=\"text-align: center;\"><em><strong><a href=\"#anfang\">nach oben<\/a><\/strong><\/em><\/p>\n<p><a name=\"15\"><\/a><strong>2015<\/strong><\/p>\n<p style=\"text-align: left;\"><b>Adventskonzert am 06. Dezember 2015\u00a0in der Kath. Pfarrkirche \u201cZum verkl\u00e4rten Christus\u201d in Bad Driburg<br \/>\n<\/b><em>LNN\u00a0berichtete am 19. Dezember 2015<\/em><\/p>\n<p><img loading=\"lazy\" decoding=\"async\" class=\"aligncenter size-full wp-image-200\" src=\"http:\/\/polizeichor-detmold.de\/wp-content\/uploads\/2018\/10\/2015_Bad_Driburg_LNN-neu.jpg\" alt=\"\" width=\"1665\" height=\"1877\" srcset=\"https:\/\/polizeichor-detmold.de\/wp-content\/uploads\/2018\/10\/2015_Bad_Driburg_LNN-neu.jpg 1665w, https:\/\/polizeichor-detmold.de\/wp-content\/uploads\/2018\/10\/2015_Bad_Driburg_LNN-neu-266x300.jpg 266w, https:\/\/polizeichor-detmold.de\/wp-content\/uploads\/2018\/10\/2015_Bad_Driburg_LNN-neu-768x866.jpg 768w, https:\/\/polizeichor-detmold.de\/wp-content\/uploads\/2018\/10\/2015_Bad_Driburg_LNN-neu-908x1024.jpg 908w\" sizes=\"auto, (max-width: 767px) 89vw, (max-width: 1000px) 54vw, (max-width: 1071px) 543px, 580px\" \/><\/p>\n<p style=\"text-align: left;\"><b>Adventskonzert am 06. Dezember 2015\u00a0in der Kath. Pfarrkirche \u201cZum verkl\u00e4rten Christus\u201d in Bad Driburg<br \/>\n<\/b>Die Lippische Landeszeitung berichtete im Dezember 2015<\/p>\n<p><img loading=\"lazy\" decoding=\"async\" class=\"aligncenter size-full wp-image-201\" src=\"http:\/\/polizeichor-detmold.de\/wp-content\/uploads\/2018\/10\/2015_Bad_Driburg_LZ2015neu.jpg\" alt=\"\" width=\"678\" height=\"387\" srcset=\"https:\/\/polizeichor-detmold.de\/wp-content\/uploads\/2018\/10\/2015_Bad_Driburg_LZ2015neu.jpg 678w, https:\/\/polizeichor-detmold.de\/wp-content\/uploads\/2018\/10\/2015_Bad_Driburg_LZ2015neu-300x171.jpg 300w\" sizes=\"auto, (max-width: 678px) 100vw, 678px\" \/><\/p>\n<p style=\"text-align: left;\"><b>Weihnachtskonzert am 29. November 2015 im Kurtheater Bad Meinberg<br \/>\n<\/b><em>Die Lippische Landeszeitung berichtete am 02. Dezember 2015<\/em><\/p>\n<p><img loading=\"lazy\" decoding=\"async\" class=\"aligncenter size-full wp-image-202\" src=\"http:\/\/polizeichor-detmold.de\/wp-content\/uploads\/2018\/10\/2015_Weihnachtskonzert_2015-neu.jpg\" alt=\"\" width=\"1991\" height=\"1423\" srcset=\"https:\/\/polizeichor-detmold.de\/wp-content\/uploads\/2018\/10\/2015_Weihnachtskonzert_2015-neu.jpg 1991w, https:\/\/polizeichor-detmold.de\/wp-content\/uploads\/2018\/10\/2015_Weihnachtskonzert_2015-neu-300x214.jpg 300w, https:\/\/polizeichor-detmold.de\/wp-content\/uploads\/2018\/10\/2015_Weihnachtskonzert_2015-neu-768x549.jpg 768w, https:\/\/polizeichor-detmold.de\/wp-content\/uploads\/2018\/10\/2015_Weihnachtskonzert_2015-neu-1024x732.jpg 1024w\" sizes=\"auto, (max-width: 767px) 89vw, (max-width: 1000px) 54vw, (max-width: 1071px) 543px, 580px\" \/><\/p>\n<p><b>POLIZEICHOR DETMOLD AUF ERLEBNISREICHER CHORREISE IN DIE\u00a0SAALE-UNSTRUT-REGION<\/b><\/p>\n<p>In der Zeit vom 02.- 04.09.2015 unternahm der Polizeichor Detmold mit seinen fast vollz\u00e4hligen S\u00e4ngern und deren Lebenspartnern sowie einigen passiven\/f\u00f6rdernden Mitgliedern eine drei-t\u00e4gige Busreise in die Saale-Unstrut-Region mit dem Hauptziel Naumburg.<br \/>\nNachdem wir p\u00fcnktlich um 07.30 Uhr am Kreishaus losgefahren sind, erreichten wir gegen 11:30 Uhr die Stadt Freyburg. Dort erwartete uns das erste Highlight der Reise:\u00a0\u00a0eine F\u00fchrung durch die Sektkellerei Rotk\u00e4ppchen. Bei diesem ersten Stopp wurden wir in einen riesigen Lichthof mit ausgezeichneter Akustik geleitet, wo der Chor sogleich seine musikalische Visitenkarte als Auftakt hinterlie\u00df. Die fachlich interessante und \u00fcberaus humorvolle F\u00fchrung seitens der Sektkellerei durch die Geschichte des Unternehmens sowie der zug\u00e4nglichen R\u00e4umlichkeiten fand ihren H\u00f6hepunkt in der Verk\u00f6stigung des prickelnden Getr\u00e4nkes mit seinen vielf\u00e4ltigen Geschmacksrichtungen. Hier sei besonders Frau R\u00f6der von der Fa. Rotk\u00e4ppchen erw\u00e4hnt, die mit ihrem hohen Fachwissen und ausgepr\u00e4gtem Humor die ohnehin gute Stimmung in der Reisegesellschaft noch zu steigern wusste. Die Darbietungen des Chores zwischen den einzelnen Abschnitten der Verk\u00f6stigung im Kellergew\u00f6lbe wurden mit starkem Applaus und \u201eZugabe\u201c-Rufen von anderen G\u00e4sten der Kellerei gew\u00fcrdigt.<\/p>\n<p>Gegen etwa 15:00 Uhr erreichten wir unser Reiseziel, die ca. 1000 Jahre alte Stadt Naumburg wo wir zun\u00e4chst im Hotel \u201eKaiserhof\u201c unser Quartier bezogen. Der Rest des Nachmittages wurde von vielen genutzt, um in eigener Initiative schon einmal die Stadt Naumburg zu erkunden. Nach dem gemeinsamen Abendessen um 19:00 klang der ebenso sch\u00f6ne wie anstrengende Tag in ruhiger Atmosph\u00e4re aus. Am n\u00e4chsten Morgen stand nach ausgiebigem Fr\u00fchst\u00fcck eine Stadtbesichtigung von Naumburg an; eine Stadt, die mit Stolz auf einen beeindruckenden Dom, eine liebevoll restaurierte Altstadt und einen Marktplatz als Kleinod blicken kann. Urige Stadtf\u00fchrer brachten uns Details der Stadt n\u00e4her, die auch noch mit einer &#8222;wilden Zicke&#8220; &#8211; einer altert\u00fcmlichen Stra\u00dfenbahn &#8211; die S\u00e4nger zu Fahrten verf\u00fchrte, zumal die Haltestelle der Endstation direkt am Hotel lag. Nach der Stadtf\u00fchrung schloss sich als n\u00e4chstes Highlight eine \u00e4u\u00dferst interessante Domf\u00fchrung an, die uns die Geschichte der Kathedrale und ihrer Stifterfiguren n\u00e4her brachte. Selbstverst\u00e4ndlich hat der Chor die Domf\u00fchrung w\u00fcrdig mit kirchlichen Kl\u00e4ngen wie \u201eTebe Poem\u201c und dem \u201eSanctus\u201c beschlossen. Im nahe gelegenen Bad K\u00f6sen schloss die Besichtigungstour mit dem K\u00e4the Kruse Museum und dem gewaltigen Gradierwerk von \u00fcber 300 m L\u00e4nge der Salinenwand. Es erstaunte auch die ausgefeilte Konstruktion der noch funktionierenden Technik von Wasserrad, Kraft\u00fcbertragungsanlage, Soleschacht und Gradierwerk, die vor 400 Jahren gebaut wurde. Nach dem gemeinsamen Abendessen im Naumburger Rats-keller beschloss ein nicht in dem Tourprogramm ausgewiesener Konzertabend des Polizei-chores im Hotel den ereignisreichen Tag.<\/p>\n<p>Der kommende Morgen stand nach Fr\u00fchst\u00fcck und Kofferverladung ganz im Zeichen der R\u00fcckreise. Der letzte H\u00f6hepunkt erfolgte in Wangen mit dem Besuch der Arche Nebra und Besichtigung der Nachbildung der Himmelsscheibe, dem UNESCO Dokumentenerbe. Die abenteuerliche Geschichte der erst 1999 gefundenen Scheibe wurde der Reisegesellschaft anschaulich vermittelt. Daraus ergab sich die Wanderung zum Mittelberg, dem Fundort der ca. 3600 alten Grabbeilage. Ein gesanglicher Abschluss war nicht vermeidbar und gut gelungen.<br \/>\nUm solch eine sch\u00f6ne Reise zu genie\u00dfen, in Gemeinsamkeit zu erleben, zu lachen und zu singen bedarf es einer umfangreichen Planung und Organisation. Daf\u00fcr gilt ein gro\u00dfer Dank allen Beteiligten \u2013 allen voran unserem f\u00f6rdernden Mitglied Manfred Heetjans \u2013 ohne dessen hervorragendes Organisationstalent und Ortskenntnis ein derartiges Erlebnis nicht vorstellbar gewesen w\u00e4re<br \/>\nHusemann \/ Rieks<\/p>\n<p><img loading=\"lazy\" decoding=\"async\" class=\"size-full wp-image-204 alignnone\" src=\"http:\/\/polizeichor-detmold.de\/wp-content\/uploads\/2018\/10\/2015_PCD_Naumburg-neu.jpg\" alt=\"\" width=\"1331\" height=\"831\" srcset=\"https:\/\/polizeichor-detmold.de\/wp-content\/uploads\/2018\/10\/2015_PCD_Naumburg-neu.jpg 1331w, https:\/\/polizeichor-detmold.de\/wp-content\/uploads\/2018\/10\/2015_PCD_Naumburg-neu-300x187.jpg 300w, https:\/\/polizeichor-detmold.de\/wp-content\/uploads\/2018\/10\/2015_PCD_Naumburg-neu-768x479.jpg 768w, https:\/\/polizeichor-detmold.de\/wp-content\/uploads\/2018\/10\/2015_PCD_Naumburg-neu-1024x639.jpg 1024w\" sizes=\"auto, (max-width: 767px) 89vw, (max-width: 1000px) 54vw, (max-width: 1071px) 543px, 580px\" \/><\/p>\n<p style=\"text-align: left;\"><b>Pfingstkonzert am 23. Mai 2015<br \/>\n<\/b><em>Die Lippische Landeszeitung berichtet am 26.05.2015<\/em><\/p>\n<p><b><img loading=\"lazy\" decoding=\"async\" class=\"aligncenter size-full wp-image-205\" src=\"http:\/\/polizeichor-detmold.de\/wp-content\/uploads\/2018\/10\/2015_Pfingstkonzert2015___4-neu.jpg\" alt=\"\" width=\"658\" height=\"754\" srcset=\"https:\/\/polizeichor-detmold.de\/wp-content\/uploads\/2018\/10\/2015_Pfingstkonzert2015___4-neu.jpg 658w, https:\/\/polizeichor-detmold.de\/wp-content\/uploads\/2018\/10\/2015_Pfingstkonzert2015___4-neu-262x300.jpg 262w\" sizes=\"auto, (max-width: 658px) 100vw, 658px\" \/><\/b><\/p>\n<p style=\"text-align: left;\"><b>Jahreshauptversammlung am 09. Februar 2015<br \/>\n<\/b><em>Die Lippische Landeszeitung berichtet am 12.02.2015<\/em><\/p>\n<p><img loading=\"lazy\" decoding=\"async\" class=\"aligncenter size-full wp-image-207\" src=\"http:\/\/polizeichor-detmold.de\/wp-content\/uploads\/2018\/10\/2015_Ehrenvorsitzender_Horst_Wissmann_LZ-neu.jpg\" alt=\"\" width=\"663\" height=\"585\" srcset=\"https:\/\/polizeichor-detmold.de\/wp-content\/uploads\/2018\/10\/2015_Ehrenvorsitzender_Horst_Wissmann_LZ-neu.jpg 663w, https:\/\/polizeichor-detmold.de\/wp-content\/uploads\/2018\/10\/2015_Ehrenvorsitzender_Horst_Wissmann_LZ-neu-300x265.jpg 300w\" sizes=\"auto, (max-width: 663px) 100vw, 663px\" \/><\/p>\n<p style=\"text-align: center;\"><a href=\"#anfang\"><strong><em>nach oben<\/em><\/strong><\/a><\/p>\n<p><a name=\"14\"><\/a><strong>2014<\/strong><\/p>\n<p><b>Weihnachtskonzert am 30. November 2014\u00a0in der Pfarrkirche Heilig-Kreuz in Detmoldmit dem Harmonie-Ensemble des Landespolizeiorchesters NRW<br \/>\n<\/b><em>Die Lippische Landeszeitung berichtete am 3. Dezember 2014<\/em><\/p>\n<p><img loading=\"lazy\" decoding=\"async\" class=\"aligncenter size-full wp-image-208\" src=\"http:\/\/polizeichor-detmold.de\/wp-content\/uploads\/2018\/10\/2014_Weihnachtskonzert2014-neu.jpg\" alt=\"\" width=\"861\" height=\"517\" srcset=\"https:\/\/polizeichor-detmold.de\/wp-content\/uploads\/2018\/10\/2014_Weihnachtskonzert2014-neu.jpg 861w, https:\/\/polizeichor-detmold.de\/wp-content\/uploads\/2018\/10\/2014_Weihnachtskonzert2014-neu-300x180.jpg 300w, https:\/\/polizeichor-detmold.de\/wp-content\/uploads\/2018\/10\/2014_Weihnachtskonzert2014-neu-768x461.jpg 768w\" sizes=\"auto, (max-width: 767px) 89vw, (max-width: 1000px) 54vw, (max-width: 1071px) 543px, 580px\" \/><\/p>\n<p><strong>Galakonzert mit Stefan Lex und dem Ensemble\u00a0\u00a0Vier\u00a0mit Klavier<\/strong><br \/>\n<em>Die Lippische Landeszeitung berichtete am 29. September 2014<\/em><\/p>\n<p><img loading=\"lazy\" decoding=\"async\" class=\"aligncenter wp-image-209 size-large\" src=\"http:\/\/polizeichor-detmold.de\/wp-content\/uploads\/2018\/10\/2014_Galakonzert2014-neu-378x1024.jpg\" alt=\"\" width=\"378\" height=\"1024\" srcset=\"https:\/\/polizeichor-detmold.de\/wp-content\/uploads\/2018\/10\/2014_Galakonzert2014-neu-378x1024.jpg 378w, https:\/\/polizeichor-detmold.de\/wp-content\/uploads\/2018\/10\/2014_Galakonzert2014-neu-111x300.jpg 111w, https:\/\/polizeichor-detmold.de\/wp-content\/uploads\/2018\/10\/2014_Galakonzert2014-neu-768x2080.jpg 768w, https:\/\/polizeichor-detmold.de\/wp-content\/uploads\/2018\/10\/2014_Galakonzert2014-neu.jpg 1124w\" sizes=\"auto, (max-width: 378px) 100vw, 378px\" \/><\/p>\n<p style=\"text-align: left;\"><strong>Pfingstkonzert\u00a031. Mai 2014<\/strong><\/p>\n<p style=\"text-align: left;\"><b><\/b><b>Begeisterndes Pfingstkonzert in der Stadthalle Detmold<\/b><\/p>\n<p style=\"text-align: left;\"><span style=\"font-size: 1rem;\">In der Anmoderation vom 1. Vorsitzenden Rolf Kracht wurde bei der\u00a0 Begr\u00fc\u00dfung von vielen Ehreng\u00e4sten und Besuchern zum Ausdruck gebracht, dass man sich auf den 49. Konzertabend zu Pfingsten erwartungsvoll freuen d\u00fcrfte. Stehender Applaus des Publikums zum Konzertabschlu\u00df nach fast 3 Stunden musikalischer Unterhaltung best\u00e4tigten die vorausgesagte Freude. Ein auf den Punkt gebrachter Chor der Polizeis\u00e4nger und eine\u00a0<\/span>Swing\u00a0Band unter der Leitung von Dr. Martin waren der Garant f\u00fcr einen klangvollen Abend.<\/p>\n<p><img loading=\"lazy\" decoding=\"async\" class=\"aligncenter size-full wp-image-210\" src=\"http:\/\/polizeichor-detmold.de\/wp-content\/uploads\/2018\/10\/2014_Pfingstkonzert2014-neu2.jpg\" alt=\"\" width=\"1228\" height=\"768\" srcset=\"https:\/\/polizeichor-detmold.de\/wp-content\/uploads\/2018\/10\/2014_Pfingstkonzert2014-neu2.jpg 1228w, https:\/\/polizeichor-detmold.de\/wp-content\/uploads\/2018\/10\/2014_Pfingstkonzert2014-neu2-300x188.jpg 300w, https:\/\/polizeichor-detmold.de\/wp-content\/uploads\/2018\/10\/2014_Pfingstkonzert2014-neu2-768x480.jpg 768w, https:\/\/polizeichor-detmold.de\/wp-content\/uploads\/2018\/10\/2014_Pfingstkonzert2014-neu2-1024x640.jpg 1024w\" sizes=\"auto, (max-width: 767px) 89vw, (max-width: 1000px) 54vw, (max-width: 1071px) 543px, 580px\" \/><br \/>\nIn der Nachbetrachtung der Detmolder Presse wurde der Erfolg best\u00e4tigt und das Erbl\u00fchen der \u201eBlume von Hawaii\u201c und die Vielseitigkeit der musikalischen Vortr\u00e4ge lobend herausgestellt.<br \/>\nSolisten und Chor, sowie Musiker puschten sich an diesem Abend gegenseitig. Herausragend der fast 2o Minuten dauernde Chorvortrag &#8211; v\u00f6llig auswendig gesungen &#8211; von Paul Abraham\u00b4s \u201eBlume von Hawaii\u201c, von Chordirigent Martin Kr\u00fcger am Piano begleitet. Als Gag mit Bilddekorationen und Hulat\u00e4nzerinnen unterst\u00fctzt.<br \/>\nAuch die vor dem Konzert kurz geprobten Einstudierungen von Swing Band und Chor wie \u201ePolizeifanfare\u201c \u2013 \u201eAmazing Grace\u201c &#8211; und \u201eDoswidanja\u201c schafften einen harmonischen Klang, vom Publikum bejubelt. F\u00fcr Musiker und S\u00e4nger ein erf\u00fclltes Ereignis.<\/p>\n<p><img loading=\"lazy\" decoding=\"async\" class=\"aligncenter size-full wp-image-211\" src=\"http:\/\/polizeichor-detmold.de\/wp-content\/uploads\/2018\/10\/2014_Pfingstkonzert__2014_3-neu.jpg\" alt=\"\" width=\"473\" height=\"230\" srcset=\"https:\/\/polizeichor-detmold.de\/wp-content\/uploads\/2018\/10\/2014_Pfingstkonzert__2014_3-neu.jpg 473w, https:\/\/polizeichor-detmold.de\/wp-content\/uploads\/2018\/10\/2014_Pfingstkonzert__2014_3-neu-300x146.jpg 300w\" sizes=\"auto, (max-width: 473px) 100vw, 473px\" \/><\/p>\n<p>Am folgenden Sonntagmorgen trafen sich S\u00e4nger und Partnerinnen, sowie passiven Mitgliedern in guter Stimmung, noch unter dem Eindruck des vorherigen Konzertabends, zu gemeinsamen Stunden als Ausklang auf einem Grillplatz am Fu\u00df des \u201eTeutoburger Waldes\u201c.\u00a0Ruyart Husemann<\/p>\n<p><img loading=\"lazy\" decoding=\"async\" class=\"wp-image-214 size-full aligncenter\" src=\"http:\/\/polizeichor-detmold.de\/wp-content\/uploads\/2018\/10\/2014_Pfingstkonzert2014_Grillplatz-neu.jpg\" alt=\"\" width=\"322\" height=\"201\" srcset=\"https:\/\/polizeichor-detmold.de\/wp-content\/uploads\/2018\/10\/2014_Pfingstkonzert2014_Grillplatz-neu.jpg 322w, https:\/\/polizeichor-detmold.de\/wp-content\/uploads\/2018\/10\/2014_Pfingstkonzert2014_Grillplatz-neu-300x187.jpg 300w\" sizes=\"auto, (max-width: 322px) 100vw, 322px\" \/><\/p>\n<p><img loading=\"lazy\" decoding=\"async\" class=\"aligncenter size-full wp-image-215\" src=\"http:\/\/polizeichor-detmold.de\/wp-content\/uploads\/2018\/10\/2014_Pfingstkonzert2014_Grillplatz2-neu.jpg\" alt=\"\" width=\"399\" height=\"249\" srcset=\"https:\/\/polizeichor-detmold.de\/wp-content\/uploads\/2018\/10\/2014_Pfingstkonzert2014_Grillplatz2-neu.jpg 399w, https:\/\/polizeichor-detmold.de\/wp-content\/uploads\/2018\/10\/2014_Pfingstkonzert2014_Grillplatz2-neu-300x187.jpg 300w\" sizes=\"auto, (max-width: 399px) 100vw, 399px\" \/><\/p>\n<p style=\"text-align: left;\"><b>Chorreise zum Polizeichor Koblenz 2014<br \/>\n<\/b><span style=\"font-size: 1rem;\">Freitagfr\u00fch, am 25. April startete ein gro\u00dfes Team von S\u00e4ngern mit Ehefrauen, Lebenspartnern und Fans, auf zwei Busse verteilt, zu erlebnisreichen Tagen in die Rheinregion. Flotte Fahrt bei sch\u00f6nem Sonnenschein und rustikalem Fr\u00fchst\u00fccksstop auf der Rastst\u00e4tte Ehrenberg \u00a0lie\u00df die erwartungsvollen Detmolder das Ziel erreichen.\u00a0<\/span>Ein herzliches Willkommen des Vorstandes vom Polizeichor Koblenz, unter der F\u00fchrung vom Chef Ditmar Watermann an der Autobahnabfahrt, begleitete uns zum Hotel.<\/p>\n<p><img loading=\"lazy\" decoding=\"async\" class=\"aligncenter wp-image-223 size-full\" src=\"http:\/\/polizeichor-detmold.de\/wp-content\/uploads\/2018\/10\/2014_Koblenz1-neu.jpg\" alt=\"\" width=\"1544\" height=\"966\" srcset=\"https:\/\/polizeichor-detmold.de\/wp-content\/uploads\/2018\/10\/2014_Koblenz1-neu.jpg 1544w, https:\/\/polizeichor-detmold.de\/wp-content\/uploads\/2018\/10\/2014_Koblenz1-neu-300x188.jpg 300w, https:\/\/polizeichor-detmold.de\/wp-content\/uploads\/2018\/10\/2014_Koblenz1-neu-768x480.jpg 768w, https:\/\/polizeichor-detmold.de\/wp-content\/uploads\/2018\/10\/2014_Koblenz1-neu-1024x641.jpg 1024w\" sizes=\"auto, (max-width: 767px) 89vw, (max-width: 1000px) 54vw, (max-width: 1071px) 543px, 580px\" \/><\/p>\n<p>Kurzes Einchecken und es folgte die von den Koblenzern arrangierte\u00a0<span style=\"font-size: 1rem;\">Schiffsfahrt auf dem Rhein nach Boppard und retour mit Moselblick. Was kann sch\u00f6ner sein, so eine Landschaft mit unseren erkl\u00e4renden Gastgebern in aufger\u00e4umter Stimmung zu genie\u00dfen.\u00a0<\/span><\/p>\n<p><img loading=\"lazy\" decoding=\"async\" class=\"aligncenter wp-image-224 size-full\" style=\"font-size: 1rem;\" src=\"http:\/\/polizeichor-detmold.de\/wp-content\/uploads\/2018\/10\/2014_Koblenz2-neu.jpg\" alt=\"\" width=\"1532\" height=\"958\" srcset=\"https:\/\/polizeichor-detmold.de\/wp-content\/uploads\/2018\/10\/2014_Koblenz2-neu.jpg 1532w, https:\/\/polizeichor-detmold.de\/wp-content\/uploads\/2018\/10\/2014_Koblenz2-neu-300x188.jpg 300w, https:\/\/polizeichor-detmold.de\/wp-content\/uploads\/2018\/10\/2014_Koblenz2-neu-768x480.jpg 768w, https:\/\/polizeichor-detmold.de\/wp-content\/uploads\/2018\/10\/2014_Koblenz2-neu-1024x640.jpg 1024w\" sizes=\"auto, (max-width: 767px) 89vw, (max-width: 1000px) 54vw, (max-width: 1071px) 543px, 580px\" \/><\/p>\n<p><span style=\"font-size: 1rem;\">Ein sp\u00e4terer Stadtspaziergang zum gemeinsamen Abendessen im Polizeipr\u00e4sidium schloss sich an.\u00a0<\/span><\/p>\n<p>Der Koblenzer\u00a0<b>Polizeipr\u00e4sident Wolfgang Fromm<\/b>\u00a0begr\u00fc\u00dfte uns Detmolder herzlichst und freute sich sichtlich auf den folgenden \u00a0Musikabend. Nach dem Abendessen, Liedbeitr\u00e4ge beider M\u00e4nnerch\u00f6re. Hier l\u00f6sten die Vokals\u00e4nger der Koblenzer mit ihren humor\u00advollen Vortr\u00e4gen besondere Heiterkeit aus. Geburtstagsst\u00e4ndchen mit Gratulationen ergaben sich zum Tagesschluss.<\/p>\n<p><img loading=\"lazy\" decoding=\"async\" class=\"alignright wp-image-225 size-medium\" src=\"http:\/\/polizeichor-detmold.de\/wp-content\/uploads\/2018\/10\/2014_Koblenz3-neu-300x255.jpg\" alt=\"\" width=\"300\" height=\"255\" srcset=\"https:\/\/polizeichor-detmold.de\/wp-content\/uploads\/2018\/10\/2014_Koblenz3-neu-300x255.jpg 300w, https:\/\/polizeichor-detmold.de\/wp-content\/uploads\/2018\/10\/2014_Koblenz3-neu-768x653.jpg 768w, https:\/\/polizeichor-detmold.de\/wp-content\/uploads\/2018\/10\/2014_Koblenz3-neu-1024x871.jpg 1024w, https:\/\/polizeichor-detmold.de\/wp-content\/uploads\/2018\/10\/2014_Koblenz3-neu.jpg 1299w\" sizes=\"auto, (max-width: 300px) 100vw, 300px\" \/><\/p>\n<p>Der Samstagmorgen setzte die lockere Stimmung fort und steigerte sich nach dem ausgiebigen Fr\u00fchst\u00fcck. Grund dazu gaben die beiden Herren der Stadtf\u00fchrung. Mit ihrer sprachlichen Eigenart wurde uns die Geschichte von Koblenz und der Altstadt in witziger Weise nahe gebracht. Keiner von uns Detmoldern bemerkte die gewanderte Streckenl\u00e4nge, sondern nur das lachende Zwerchfell. Ein Kompliment den F\u00fchrern zur Vermittlung von Geschichte und Wesen einer Stadt.<br \/>\n<img loading=\"lazy\" decoding=\"async\" class=\"alignright wp-image-226 size-medium\" src=\"http:\/\/polizeichor-detmold.de\/wp-content\/uploads\/2018\/10\/2014_Koblenz4-neu-300x188.jpg\" alt=\"\" width=\"300\" height=\"188\" srcset=\"https:\/\/polizeichor-detmold.de\/wp-content\/uploads\/2018\/10\/2014_Koblenz4-neu-300x188.jpg 300w, https:\/\/polizeichor-detmold.de\/wp-content\/uploads\/2018\/10\/2014_Koblenz4-neu-768x480.jpg 768w, https:\/\/polizeichor-detmold.de\/wp-content\/uploads\/2018\/10\/2014_Koblenz4-neu-1024x640.jpg 1024w, https:\/\/polizeichor-detmold.de\/wp-content\/uploads\/2018\/10\/2014_Koblenz4-neu.jpg 1473w\" sizes=\"auto, (max-width: 300px) 100vw, 300px\" \/>Reichliches Mittagsmahl lie\u00df die Anspannung und Lampenfieber folgen, denn die Chors\u00e4nger nutzten die neu gestaltete Rhein-Mosel- Halle zur Generalprobe. Es war zu erahnen, was uns in der Abendveranstaltung erwartete.<br \/>\nRund 900 Besucher h\u00f6rten Orchester- und Chormusik par excellence. Herausragend erlebten wir Detmolder das \u201e<b>Erste K\u00f6lner Akkordeon Orchester\u201c<\/b>\u00a0unter der Leitung von Matthias Hennecke und brachte uns \u201cv\u00f6llig aus dem H\u00e4uschen\u201c: Der Detmolder Polizeichor erreichte ebenfalls jubelnde Ovationen nach seinen Gesangsvortr\u00e4gen. Viele positive \u00c4u\u00dferungen im Anschluss von Besuchern best\u00e4tigten das H\u00f6rerlebnis. Es wurde damit deutlich, dass sich das vorausgegangene 3-t\u00e4gige Stimmseminar in der Polizeischule M\u00fcnster, unter der Leitung von Chorleiter Martin Kr\u00fcger, mit den S\u00e4ngern lohnte. Der Konzerterfolg verhalf zu einem versp\u00e4teten Tagesabschluss.<\/p>\n<p><img loading=\"lazy\" decoding=\"async\" class=\"wp-image-227 size-thumbnail alignright\" src=\"http:\/\/polizeichor-detmold.de\/wp-content\/uploads\/2018\/10\/2014_Koblenz5-neu-150x150.jpg\" alt=\"\" width=\"150\" height=\"150\" srcset=\"https:\/\/polizeichor-detmold.de\/wp-content\/uploads\/2018\/10\/2014_Koblenz5-neu-150x150.jpg 150w, https:\/\/polizeichor-detmold.de\/wp-content\/uploads\/2018\/10\/2014_Koblenz5-neu-100x100.jpg 100w\" sizes=\"auto, (max-width: 150px) 100vw, 150px\" \/>Der Sonntag wurde mit der Eroberung der Festung Ehrenbreitstein fortgesetzt. Nach Verlassen der Seilbahn von unseren Gastgebern geordert, gab auch der Himmel erneut freundliche Zeichen. Das riesige Hochplateau mit der beeindruckenden Burg wurde uns mit fachlichem Wissen an Historie und Gegenwart humorvoll vermittelt. Erneut war der witzige Stadtf\u00fchrer uns bei der fr\u00f6hlichen Stimmung behilflich.<\/p>\n<p><img loading=\"lazy\" decoding=\"async\" class=\"alignright wp-image-228 size-thumbnail\" src=\"http:\/\/polizeichor-detmold.de\/wp-content\/uploads\/2018\/10\/2014_Koblenz6-neu-150x150.jpg\" alt=\"\" width=\"150\" height=\"150\" srcset=\"https:\/\/polizeichor-detmold.de\/wp-content\/uploads\/2018\/10\/2014_Koblenz6-neu-150x150.jpg 150w, https:\/\/polizeichor-detmold.de\/wp-content\/uploads\/2018\/10\/2014_Koblenz6-neu-100x100.jpg 100w\" sizes=\"auto, (max-width: 150px) 100vw, 150px\" \/><\/p>\n<p>Es bleibt der Reiz, \u00a0diese Stadt und Landschaft zwischen Hunsr\u00fcck, Westerwald und Eifel erneut zu besuchen. Letzte Stunden wurden mit Dankesworten Geschenken und Liedvor\u00adtr\u00e4gen gestaltet und veranlassten den Wunsch, die begonnene Partnerschaft fortzusetzen.\u00a0<em><strong>Ruyart Husemann<\/strong><\/em><\/p>\n<p><b>Jahreshauptversammlung\u00a0am 05. Februar 2014<\/b><\/p>\n<p>Am 5. Februar fand unsere diesj\u00e4hrige Jahreshauptversammlung statt. Vorsitzender Rolf Kracht begr\u00fcsste zun\u00e4chst die S\u00e4nger und passiven Mitglieder recht herzlich.\u00a0Mit dem \u201eSanctus\u201c aus der deutschen Messe, gedachte der Chor der verstorbenen Mitglieder.<br \/>\n<img loading=\"lazy\" decoding=\"async\" class=\"alignright size-medium wp-image-234\" src=\"http:\/\/polizeichor-detmold.de\/wp-content\/uploads\/2018\/10\/2014_JHV2014Ehrungen-neu-300x190.jpg\" alt=\"\" width=\"300\" height=\"190\" srcset=\"https:\/\/polizeichor-detmold.de\/wp-content\/uploads\/2018\/10\/2014_JHV2014Ehrungen-neu-300x190.jpg 300w, https:\/\/polizeichor-detmold.de\/wp-content\/uploads\/2018\/10\/2014_JHV2014Ehrungen-neu.jpg 411w\" sizes=\"auto, (max-width: 300px) 100vw, 300px\" \/>Geehrt wurden in diesem Jahr: f\u00fcr 40 Jahre, Erich Riesenberg sowie f\u00fcr 25 Jahre, G\u00fcnter Engel und Klaus Dieter Heutger.<\/p>\n<p>Nach Verlesen des Gesch\u00e4fts &#8211; Kassen und\u00a0Presseberichts sowie des Berichts vom Chorleiter wurde dem Vorstand Entlastung erteilt.<br \/>\nIn diesen Jahr fanden eigentlich keine Neuwahlen statt. Aber die stelle des 2. Gesch\u00e4ftsf\u00fchrers konnte letztes Jahr noch nicht besetzt werden, dies musste hier nachgeholt werden. Einstimmig zum 2. Gesch\u00e4ftsf\u00fchrers wurde Karl Louvet gew\u00e4hlt.<br \/>\nAm 1. M\u00e4rz 2013 verstarb unser\u00a0S\u00e4nger und langj\u00e4hrige 1. Notenarchivar Rainer Jacob. Dadurch\u00a0mussten\u00a0auch die Notenarchivare neu gew\u00e4hlt werden, Gerd Heins wurde zum 1.- und Karl Louvet zum 2. Notenarchivar einstimmig gew\u00e4hlt.<\/p>\n<p><em>Die Lippische Landeszeitung berichtete am 07. Februar 2014<\/em><\/p>\n<p><img loading=\"lazy\" decoding=\"async\" class=\"aligncenter wp-image-233 size-full\" src=\"http:\/\/polizeichor-detmold.de\/wp-content\/uploads\/2018\/10\/2014_JHV2014_Ehrungen-neu.jpg\" alt=\"\" width=\"1704\" height=\"1474\" srcset=\"https:\/\/polizeichor-detmold.de\/wp-content\/uploads\/2018\/10\/2014_JHV2014_Ehrungen-neu.jpg 1704w, https:\/\/polizeichor-detmold.de\/wp-content\/uploads\/2018\/10\/2014_JHV2014_Ehrungen-neu-300x260.jpg 300w, https:\/\/polizeichor-detmold.de\/wp-content\/uploads\/2018\/10\/2014_JHV2014_Ehrungen-neu-768x664.jpg 768w, https:\/\/polizeichor-detmold.de\/wp-content\/uploads\/2018\/10\/2014_JHV2014_Ehrungen-neu-1024x886.jpg 1024w\" sizes=\"auto, (max-width: 767px) 89vw, (max-width: 1000px) 54vw, (max-width: 1071px) 543px, 580px\" \/><\/p>\n<p style=\"text-align: center;\"><em><a href=\"#anfang\"><strong>nach oben<\/strong><\/a><\/em><\/p>\n<blockquote><p><a name=\"13\"><\/a><strong>2013<\/strong><\/p><\/blockquote>\n<p><strong>Weihnachtskonzert mit dem Frauenchor Fine Art aus B\u00fcren<br \/>\n<\/strong><em>Die Lippische Landeszeitung berichtete am 17. Dezember 2013<\/em><strong><br \/>\n<\/strong><\/p>\n<p><img loading=\"lazy\" decoding=\"async\" class=\"aligncenter size-full wp-image-235\" src=\"http:\/\/polizeichor-detmold.de\/wp-content\/uploads\/2018\/10\/2013_Weihn.Konzert_Bad_Meinberg_2013-neu.jpg\" alt=\"\" width=\"2371\" height=\"1807\" srcset=\"https:\/\/polizeichor-detmold.de\/wp-content\/uploads\/2018\/10\/2013_Weihn.Konzert_Bad_Meinberg_2013-neu.jpg 2371w, https:\/\/polizeichor-detmold.de\/wp-content\/uploads\/2018\/10\/2013_Weihn.Konzert_Bad_Meinberg_2013-neu-300x229.jpg 300w, https:\/\/polizeichor-detmold.de\/wp-content\/uploads\/2018\/10\/2013_Weihn.Konzert_Bad_Meinberg_2013-neu-768x585.jpg 768w, https:\/\/polizeichor-detmold.de\/wp-content\/uploads\/2018\/10\/2013_Weihn.Konzert_Bad_Meinberg_2013-neu-1024x780.jpg 1024w\" sizes=\"auto, (max-width: 767px) 89vw, (max-width: 1000px) 54vw, (max-width: 1071px) 543px, 580px\" \/><\/p>\n<p><strong>Detmolder Advent 2013\u00a0<\/strong><br \/>\nZum ersten Mal findet der Detmolder Weihnachtsmarkt vom 06. \u2013 24. Dezember 2013 \u00a0auf dem Marktplatz statt. Rund um den Donopbrunnen wurden die neu gestalteten H\u00e4uschen mit unterschiedlicher Beleuchtung aufgebaut.\u00a0Auch der Polizeichor Detmold hat am 10. Dez. am Kultur- und B\u00fchnenprogramm \u00a0auf der gro\u00dfen B\u00fchne teilgenommen und stimmte die Zuschauer mit weihnachtlichen Liedern auf die Adventszeit und Weihnachten ein.<\/p>\n<p><img loading=\"lazy\" decoding=\"async\" class=\"aligncenter size-full wp-image-236\" src=\"http:\/\/polizeichor-detmold.de\/wp-content\/uploads\/2018\/10\/2013_Advent_2013A.jpg\" alt=\"\" width=\"1738\" height=\"1154\" srcset=\"https:\/\/polizeichor-detmold.de\/wp-content\/uploads\/2018\/10\/2013_Advent_2013A.jpg 1738w, https:\/\/polizeichor-detmold.de\/wp-content\/uploads\/2018\/10\/2013_Advent_2013A-300x199.jpg 300w, https:\/\/polizeichor-detmold.de\/wp-content\/uploads\/2018\/10\/2013_Advent_2013A-768x510.jpg 768w, https:\/\/polizeichor-detmold.de\/wp-content\/uploads\/2018\/10\/2013_Advent_2013A-1024x680.jpg 1024w\" sizes=\"auto, (max-width: 767px) 89vw, (max-width: 1000px) 54vw, (max-width: 1071px) 543px, 580px\" \/><\/p>\n<p><img loading=\"lazy\" decoding=\"async\" class=\"aligncenter size-full wp-image-237\" src=\"http:\/\/polizeichor-detmold.de\/wp-content\/uploads\/2018\/10\/2013_Advent_2013ABneu.jpg\" alt=\"\" width=\"1515\" height=\"852\" srcset=\"https:\/\/polizeichor-detmold.de\/wp-content\/uploads\/2018\/10\/2013_Advent_2013ABneu.jpg 1515w, https:\/\/polizeichor-detmold.de\/wp-content\/uploads\/2018\/10\/2013_Advent_2013ABneu-300x169.jpg 300w, https:\/\/polizeichor-detmold.de\/wp-content\/uploads\/2018\/10\/2013_Advent_2013ABneu-768x432.jpg 768w, https:\/\/polizeichor-detmold.de\/wp-content\/uploads\/2018\/10\/2013_Advent_2013ABneu-1024x576.jpg 1024w\" sizes=\"auto, (max-width: 767px) 89vw, (max-width: 1000px) 54vw, (max-width: 1071px) 543px, 580px\" \/><\/p>\n<p><img loading=\"lazy\" decoding=\"async\" class=\"aligncenter size-full wp-image-238\" src=\"http:\/\/polizeichor-detmold.de\/wp-content\/uploads\/2018\/10\/2013_Advent_2013Cneu.jpg\" alt=\"\" width=\"1575\" height=\"978\" srcset=\"https:\/\/polizeichor-detmold.de\/wp-content\/uploads\/2018\/10\/2013_Advent_2013Cneu.jpg 1575w, https:\/\/polizeichor-detmold.de\/wp-content\/uploads\/2018\/10\/2013_Advent_2013Cneu-300x186.jpg 300w, https:\/\/polizeichor-detmold.de\/wp-content\/uploads\/2018\/10\/2013_Advent_2013Cneu-768x477.jpg 768w, https:\/\/polizeichor-detmold.de\/wp-content\/uploads\/2018\/10\/2013_Advent_2013Cneu-1024x636.jpg 1024w\" sizes=\"auto, (max-width: 767px) 89vw, (max-width: 1000px) 54vw, (max-width: 1071px) 543px, 580px\" \/><\/p>\n<p><strong>Herbstkonzert zugunsten der Flutopfer 2013<br \/>\n<\/strong><em>Die Lippische Landeszeitung berichtete am 28. Oktober 2013<\/em><\/p>\n<p><img loading=\"lazy\" decoding=\"async\" class=\"aligncenter size-full wp-image-239\" src=\"http:\/\/polizeichor-detmold.de\/wp-content\/uploads\/2018\/10\/2013_Herbstkonzert_2013-neu.jpg\" alt=\"\" width=\"2485\" height=\"2190\" srcset=\"https:\/\/polizeichor-detmold.de\/wp-content\/uploads\/2018\/10\/2013_Herbstkonzert_2013-neu.jpg 2485w, https:\/\/polizeichor-detmold.de\/wp-content\/uploads\/2018\/10\/2013_Herbstkonzert_2013-neu-300x264.jpg 300w, https:\/\/polizeichor-detmold.de\/wp-content\/uploads\/2018\/10\/2013_Herbstkonzert_2013-neu-768x677.jpg 768w, https:\/\/polizeichor-detmold.de\/wp-content\/uploads\/2018\/10\/2013_Herbstkonzert_2013-neu-1024x902.jpg 1024w\" sizes=\"auto, (max-width: 767px) 89vw, (max-width: 1000px) 54vw, (max-width: 1071px) 543px, 580px\" \/><\/p>\n<p><em>Der Detmolder Kurier berichtet \u00fcber die Scheck\u00fcbergabe am 13. Dezember 2013<\/em><\/p>\n<p><img loading=\"lazy\" decoding=\"async\" class=\"aligncenter size-full wp-image-240\" src=\"http:\/\/polizeichor-detmold.de\/wp-content\/uploads\/2018\/10\/2013_a_Detmolder_kurier13.12sw.jpg\" alt=\"\" width=\"524\" height=\"436\" srcset=\"https:\/\/polizeichor-detmold.de\/wp-content\/uploads\/2018\/10\/2013_a_Detmolder_kurier13.12sw.jpg 524w, https:\/\/polizeichor-detmold.de\/wp-content\/uploads\/2018\/10\/2013_a_Detmolder_kurier13.12sw-300x250.jpg 300w\" sizes=\"auto, (max-width: 524px) 100vw, 524px\" \/><\/p>\n<p><strong>Pfingstkonzert am 18. Mai 2013<\/strong><\/p>\n<p>Der Besuch vom Polizeichor Koblenz erbrachte 3 Tage Pfingstfesttradition &#8211; Chormusik &#8211; Genus der lippischen Sehensw\u00fcrdigkeiten und Spezialit\u00e4ten gemixt mit bester Laune.<br \/>\nDer Detmolder B\u00fcrgermeister Rainer Heller erkl\u00e4rte auf anschauliche Weise seine Heimatstadt und deren Eigenarten und hie\u00df S\u00e4nger und mitgereiste Fans herzlichst willkommen.<br \/>\nDer Freitagabend diente dem n\u00e4heren Kennenlernen beider Ch\u00f6re und ergab bereits zwischenmenschliche Kontakte mit viel Spa\u00df.<br \/>\nGrundlagen dazu\u00a0 wurden durch die fr\u00f6hlichen Liedvortr\u00e4ge beider M\u00e4nnerch\u00f6re geschaffen. Hier \u00fcberraschte das Vokalensemble von Detmold nicht nur die eigenen anwesenden Mitglieder &#8211; auch f\u00fcr unsere G\u00e4ste schafften sie fr\u00f6hliche Augenblicke durch die vorgetragenen Sketche und Tanzeinlagen.<\/p>\n<p><b>Es folgte der wichtigste Teil des Pfingstfestes, das Konzert.<\/b>\u00a0Eine unruhige und kritische Zeit des Einsingens, beider Ch\u00f6re Koblenz und Detmold, entlud sich im \u00a0folgenden Konzert zu einer Glanzleistung im Chorgesang. Ein Gl\u00fccksfall wurde dabei die Verpflichtung von &#8222;blechpur&#8220; einem Blechbl\u00e4serensemble mit Trompeten &#8211; Posaunen und Tuba.<br \/>\nH\u00f6hepunkte in einer bis zum letzten Stuhl ausverkauften Stadthalle waren unsere \u00a0G\u00e4ste, der Polizeichor \u00a0Koblenz, mit Robert -Stolz -Melodien &#8222;Im Prater bl\u00fch\u00b4n wieder die B\u00e4ume\u201c und das Bl\u00e4serensemble \u201eblechpur\u201c mit dem<br \/>\n\u201eABBA-Revival\u201c. Der Detmolder Polizeichor gl\u00e4nzte u. a. mit \u201eMusik der Nacht\u201c aus Phantom der Oper.<br \/>\nJubelnde Ausrufe und riesiger Applaus der Zuh\u00f6rer war der Lohn aller Musizierenden f\u00fcr die akribische Probenzeit. Ohne vom Publikum geforderte Zugaben konnte keiner der singenden Ch\u00f6re die B\u00fchne verlassen. Auch nach dem Schlussakkord \u2013 \u201eEin sch\u00f6ner Tag\u201c aller beteiligten S\u00e4nger und Bl\u00e4ser wurden mit stehenden Ovationen weitere Vortr\u00e4ge erwartet. Nichts zu bemerken vom Spruch &#8222;sture Lipper&#8220;- nur pure Begeisterung.<\/p>\n<p>Der Charme der Stadt Detmold wurde durch den sich verst\u00e4rkt einstellenden Sonnenschein am Pfingstsonntag erheblich beeinflusst. Nach der Messebeteiligung in der Heilig Kreuz Kirche unserer G\u00e4ste und deren Liedvortr\u00e4gen der n\u00e4chste H\u00f6hepunkt. Unseren Kleinod, ein v\u00f6llig vom gr\u00fcn der Natur umrahmter Grillplatz, sah\u00a0nur fr\u00f6hliche Menschen. Vom Organisations -Team bestens vorbereitet konnte sich jeder mit Speisen und Getr\u00e4nken seiner Wahl verw\u00f6hnen lassen. Nat\u00fcrlich erneut unterbrochen mit lustigen Liedvortr\u00e4gen beider Ch\u00f6re, \u00fcber Wein und des Menschen Zeit. Herrliche Stunden lie\u00dfen den Abschied von liebenswerten Koblenzer G\u00e4sten schwer werden.\u00a0Wir Detmolder freuen uns schon sehr auf den geplanten Gegenbesuch.<\/p>\n<p>Auf Wiedersehen in 2014.<\/p>\n<figure id=\"attachment_242\" aria-describedby=\"caption-attachment-242\" style=\"width: 695px\" class=\"wp-caption aligncenter\"><img loading=\"lazy\" decoding=\"async\" class=\"size-full wp-image-242\" src=\"http:\/\/polizeichor-detmold.de\/wp-content\/uploads\/2018\/10\/2013_Pfingstkonzert__2013-neu.jpg\" alt=\"\" width=\"695\" height=\"391\" srcset=\"https:\/\/polizeichor-detmold.de\/wp-content\/uploads\/2018\/10\/2013_Pfingstkonzert__2013-neu.jpg 695w, https:\/\/polizeichor-detmold.de\/wp-content\/uploads\/2018\/10\/2013_Pfingstkonzert__2013-neu-300x169.jpg 300w\" sizes=\"auto, (max-width: 695px) 100vw, 695px\" \/><figcaption id=\"caption-attachment-242\" class=\"wp-caption-text\">Stadthalle Detmold Pfingstkonzert 2013 mit dem PC Koblenz, dem Bl\u00e4serensmble \u201cblech pur\u201d und dem PC Detmold<\/figcaption><\/figure>\n<figure id=\"attachment_243\" aria-describedby=\"caption-attachment-243\" style=\"width: 696px\" class=\"wp-caption aligncenter\"><img loading=\"lazy\" decoding=\"async\" class=\"size-full wp-image-243\" src=\"http:\/\/polizeichor-detmold.de\/wp-content\/uploads\/2018\/10\/2013_PC_Koblenz-neu.jpg\" alt=\"\" width=\"696\" height=\"434\" srcset=\"https:\/\/polizeichor-detmold.de\/wp-content\/uploads\/2018\/10\/2013_PC_Koblenz-neu.jpg 696w, https:\/\/polizeichor-detmold.de\/wp-content\/uploads\/2018\/10\/2013_PC_Koblenz-neu-300x187.jpg 300w\" sizes=\"auto, (max-width: 696px) 100vw, 696px\" \/><figcaption id=\"caption-attachment-243\" class=\"wp-caption-text\">Polizeichor Koblenz<\/figcaption><\/figure>\n<figure id=\"attachment_244\" aria-describedby=\"caption-attachment-244\" style=\"width: 899px\" class=\"wp-caption aligncenter\"><img loading=\"lazy\" decoding=\"async\" class=\"size-full wp-image-244\" src=\"http:\/\/polizeichor-detmold.de\/wp-content\/uploads\/2018\/10\/blechpur-neu.jpg\" alt=\"\" width=\"899\" height=\"562\" srcset=\"https:\/\/polizeichor-detmold.de\/wp-content\/uploads\/2018\/10\/blechpur-neu.jpg 899w, https:\/\/polizeichor-detmold.de\/wp-content\/uploads\/2018\/10\/blechpur-neu-300x188.jpg 300w, https:\/\/polizeichor-detmold.de\/wp-content\/uploads\/2018\/10\/blechpur-neu-768x480.jpg 768w\" sizes=\"auto, (max-width: 767px) 89vw, (max-width: 1000px) 54vw, (max-width: 1071px) 543px, 580px\" \/><figcaption id=\"caption-attachment-244\" class=\"wp-caption-text\">Bl\u00e4serensemble \u201cblech pur\u201d<\/figcaption><\/figure>\n<p><em>Die Lippische Landeszeitung berichtete am 21. Mai 2013<\/em><\/p>\n<p><img loading=\"lazy\" decoding=\"async\" class=\"aligncenter wp-image-241 size-full\" src=\"http:\/\/polizeichor-detmold.de\/wp-content\/uploads\/2018\/10\/2013_Pfingsten2013-neu.jpg\" alt=\"\" width=\"1684\" height=\"1049\" srcset=\"https:\/\/polizeichor-detmold.de\/wp-content\/uploads\/2018\/10\/2013_Pfingsten2013-neu.jpg 1684w, https:\/\/polizeichor-detmold.de\/wp-content\/uploads\/2018\/10\/2013_Pfingsten2013-neu-300x187.jpg 300w, https:\/\/polizeichor-detmold.de\/wp-content\/uploads\/2018\/10\/2013_Pfingsten2013-neu-768x478.jpg 768w, https:\/\/polizeichor-detmold.de\/wp-content\/uploads\/2018\/10\/2013_Pfingsten2013-neu-1024x638.jpg 1024w\" sizes=\"auto, (max-width: 767px) 89vw, (max-width: 1000px) 54vw, (max-width: 1071px) 543px, 580px\" \/><\/p>\n<p style=\"text-align: center;\"><em><a href=\"#anfang\"><strong>nach oben<\/strong><\/a><\/em><\/p>\n","protected":false},"excerpt":{"rendered":"<p>&nbsp; 2018\u00a0 \u00a0 |\u00a0\u00a0\u00a0\u00a0\u00a02017\u00a0 \u00a0 |\u00a0\u00a0\u00a0\u00a02016\u00a0 \u00a0 |\u00a0\u00a0\u00a0\u00a02015\u00a0 \u00a0 |\u00a0\u00a0\u00a0\u00a02014\u00a0 \u00a0 |\u00a0\u00a0\u00a0\u00a02013 2018 Pfingstkonzert am 12. Mai 2018 Die Lippische Landeszeitung berichtet am 15. 05. 2018 \u00a0 Konzert mit dem Polizeichor Detmold am 4. M\u00e4rz in der Kirche Almena Jahreshauptversammlung\u00a0 am\u00a0 5. Februar\u00a02018 Die Lippische Landeszeitung berichtete am 13. 02. 2018 &nbsp; &nbsp; &nbsp; Trauer &hellip; <\/p>\n<p class=\"link-more\"><a href=\"https:\/\/polizeichor-detmold.de\/?page_id=145\" class=\"more-link\"><span class=\"screen-reader-text\">\u201eAlte Presseberichte und mehr\u201c <\/span>weiterlesen<\/a><\/p>\n","protected":false},"author":2,"featured_media":0,"parent":0,"menu_order":5,"comment_status":"closed","ping_status":"closed","template":"","meta":{"footnotes":""},"class_list":["post-145","page","type-page","status-publish","hentry"],"_links":{"self":[{"href":"https:\/\/polizeichor-detmold.de\/index.php?rest_route=\/wp\/v2\/pages\/145","targetHints":{"allow":["GET"]}}],"collection":[{"href":"https:\/\/polizeichor-detmold.de\/index.php?rest_route=\/wp\/v2\/pages"}],"about":[{"href":"https:\/\/polizeichor-detmold.de\/index.php?rest_route=\/wp\/v2\/types\/page"}],"author":[{"embeddable":true,"href":"https:\/\/polizeichor-detmold.de\/index.php?rest_route=\/wp\/v2\/users\/2"}],"replies":[{"embeddable":true,"href":"https:\/\/polizeichor-detmold.de\/index.php?rest_route=%2Fwp%2Fv2%2Fcomments&post=145"}],"version-history":[{"count":30,"href":"https:\/\/polizeichor-detmold.de\/index.php?rest_route=\/wp\/v2\/pages\/145\/revisions"}],"predecessor-version":[{"id":642,"href":"https:\/\/polizeichor-detmold.de\/index.php?rest_route=\/wp\/v2\/pages\/145\/revisions\/642"}],"wp:attachment":[{"href":"https:\/\/polizeichor-detmold.de\/index.php?rest_route=%2Fwp%2Fv2%2Fmedia&parent=145"}],"curies":[{"name":"wp","href":"https:\/\/api.w.org\/{rel}","templated":true}]}}